{"id":3882,"date":"2023-11-15T18:07:46","date_gmt":"2023-11-15T17:07:46","guid":{"rendered":"https:\/\/gedu.eu\/?page_id=3882"},"modified":"2023-11-25T22:14:57","modified_gmt":"2023-11-25T21:14:57","slug":"dehoga-berlin-alt","status":"publish","type":"page","link":"https:\/\/gedu.eu\/vi\/dehoga-berlin-alt\/","title":{"rendered":"Kooperation Gedu &#8211; Dehoga Berlin (alt)"},"content":{"rendered":"<div data-elementor-type=\"wp-page\" data-elementor-id=\"3882\" class=\"elementor elementor-3882\" data-elementor-settings=\"[]\">\n\t\t\t\t\t\t\t<div class=\"elementor-section-wrap\">\n\t\t\t\t\t\t\t<section class=\"elementor-section elementor-top-section elementor-element elementor-element-72ec6998 elementor-section-boxed elementor-section-height-default elementor-section-height-default\" data-id=\"72ec6998\" data-element_type=\"section\" data-settings=\"{&quot;background_background&quot;:&quot;classic&quot;}\">\n\t\t\t\t\t\t<div class=\"elementor-container elementor-column-gap-default\">\n\t\t\t\t\t<div class=\"elementor-column elementor-col-50 elementor-top-column elementor-element elementor-element-6f383a0d\" data-id=\"6f383a0d\" data-element_type=\"column\">\n\t\t\t<div class=\"elementor-widget-wrap elementor-element-populated\">\n\t\t\t\t\t\t\t\t<div class=\"elementor-element elementor-element-79d3f79 elementor-widget elementor-widget-heading\" data-id=\"79d3f79\" data-element_type=\"widget\" data-widget_type=\"heading.default\">\n\t\t\t\t<div class=\"elementor-widget-container\">\n\t\t\t<h2 class=\"elementor-heading-title elementor-size-default\">Willkommen bei GEDU!<\/h2>\t\t<\/div>\n\t\t\t\t<\/div>\n\t\t\t\t<div class=\"elementor-element elementor-element-74f055df elementor-widget elementor-widget-heading\" data-id=\"74f055df\" data-element_type=\"widget\" data-widget_type=\"heading.default\">\n\t\t\t\t<div class=\"elementor-widget-container\">\n\t\t\t<h2 class=\"elementor-heading-title elementor-size-default\">In Zusammenarbeit mit dem DEHOGA-Berlin bieten wir unser Programm zu Sonderkonditionen an.<\/h2>\t\t<\/div>\n\t\t\t\t<\/div>\n\t\t\t\t<div class=\"elementor-element elementor-element-703cfae8 elementor-widget__width-initial elementor-widget elementor-widget-image\" data-id=\"703cfae8\" data-element_type=\"widget\" data-widget_type=\"image.default\">\n\t\t\t\t<div class=\"elementor-widget-container\">\n\t\t\t\t\t<div class=\"elementor-image\">\n\t\t\t\t\t\t\t\t\t\t<img loading=\"lazy\" decoding=\"async\" width=\"24\" height=\"44\" src=\"https:\/\/gedu.eu\/wp-content\/uploads\/2021\/03\/handdrawn_arrow_white_sm.png\" class=\"attachment-large size-large\" alt=\"\" \/>\t\t\t\t\t\t\t\t\t\t\t<\/div>\n\t\t\t\t<\/div>\n\t\t\t\t<\/div>\n\t\t\t\t<div class=\"elementor-element elementor-element-6f95450 elementor-align-center elementor-widget elementor-widget-button\" data-id=\"6f95450\" data-element_type=\"widget\" data-widget_type=\"button.default\">\n\t\t\t\t<div class=\"elementor-widget-container\">\n\t\t\t\t\t<div class=\"elementor-button-wrapper\">\n\t\t\t<a href=\"mailto:info@gedu.eu\" class=\"elementor-button-link elementor-button elementor-size-sm elementor-animation-shrink\" role=\"button\">\n\t\t\t\t\t\t<span class=\"elementor-button-content-wrapper\">\n\t\t\t\t\t\t<span class=\"elementor-button-icon elementor-align-icon-left\">\n\t\t\t\t<i aria-hidden=\"true\" class=\"far fa-comment-dots\"><\/i>\t\t\t<\/span>\n\t\t\t\t\t\t<span class=\"elementor-button-text\">Li\u00ean h\u1ec7 ch\u00fang t\u00f4i<\/span>\n\t\t<\/span>\n\t\t\t\t\t<\/a>\n\t\t<\/div>\n\t\t\t\t<\/div>\n\t\t\t\t<\/div>\n\t\t\t\t<div class=\"elementor-element elementor-element-2e1984d elementor-widget elementor-widget-spacer\" data-id=\"2e1984d\" data-element_type=\"widget\" data-widget_type=\"spacer.default\">\n\t\t\t\t<div class=\"elementor-widget-container\">\n\t\t\t\t\t<div class=\"elementor-spacer\">\n\t\t\t<div class=\"elementor-spacer-inner\"><\/div>\n\t\t<\/div>\n\t\t\t\t<\/div>\n\t\t\t\t<\/div>\n\t\t\t\t<div class=\"elementor-element elementor-element-20c9509 elementor-widget elementor-widget-heading\" data-id=\"20c9509\" data-element_type=\"widget\" data-widget_type=\"heading.default\">\n\t\t\t\t<div class=\"elementor-widget-container\">\n\t\t\t<h2 class=\"elementor-heading-title elementor-size-default\">Sind Sie schon DEHOGA-Berlin Mitglied?<\/h2>\t\t<\/div>\n\t\t\t\t<\/div>\n\t\t\t\t<section class=\"elementor-section elementor-inner-section elementor-element elementor-element-32f0b4fc elementor-section-boxed elementor-section-height-default elementor-section-height-default\" data-id=\"32f0b4fc\" data-element_type=\"section\">\n\t\t\t\t\t\t<div class=\"elementor-container elementor-column-gap-default\">\n\t\t\t\t\t<div class=\"elementor-column elementor-col-33 elementor-inner-column elementor-element elementor-element-41edd5a9\" data-id=\"41edd5a9\" data-element_type=\"column\">\n\t\t\t<div class=\"elementor-widget-wrap elementor-element-populated\">\n\t\t\t\t\t\t\t\t<div class=\"elementor-element elementor-element-872ecd3 elementor-position-left elementor-vertical-align-middle elementor-view-default elementor-widget elementor-widget-icon-box\" data-id=\"872ecd3\" data-element_type=\"widget\" data-widget_type=\"icon-box.default\">\n\t\t\t\t<div class=\"elementor-widget-container\">\n\t\t\t\t\t<div class=\"elementor-icon-box-wrapper\">\n\t\t\t\t\t\t<div class=\"elementor-icon-box-icon\">\n\t\t\t\t<a class=\"elementor-icon elementor-animation-\" href=\"https:\/\/www.dehoga-berlin.de\/leistungen\/aufnahmeantrag\/\">\n\t\t\t\t<i aria-hidden=\"true\" class=\"fas fa-check-circle\"><\/i>\t\t\t\t<\/a>\n\t\t\t<\/div>\n\t\t\t\t\t\t<div class=\"elementor-icon-box-content\">\n\t\t\t\t<p class=\"elementor-icon-box-title\">\n\t\t\t\t\t<a href=\"https:\/\/www.dehoga-berlin.de\/leistungen\/aufnahmeantrag\/\">DEHOGA-Midglied werden<\/a>\n\t\t\t\t<\/p>\n\t\t\t\t\t\t\t<\/div>\n\t\t<\/div>\n\t\t\t\t<\/div>\n\t\t\t\t<\/div>\n\t\t\t\t\t<\/div>\n\t\t<\/div>\n\t\t\t\t<div class=\"elementor-column elementor-col-33 elementor-inner-column elementor-element elementor-element-7f965257\" data-id=\"7f965257\" data-element_type=\"column\">\n\t\t\t<div class=\"elementor-widget-wrap\">\n\t\t\t\t\t\t\t\t\t<\/div>\n\t\t<\/div>\n\t\t\t\t<div class=\"elementor-column elementor-col-33 elementor-inner-column elementor-element elementor-element-3c9828ae\" data-id=\"3c9828ae\" data-element_type=\"column\">\n\t\t\t<div class=\"elementor-widget-wrap elementor-element-populated\">\n\t\t\t\t\t\t\t\t<div class=\"elementor-element elementor-element-3e375263 elementor-position-left elementor-vertical-align-middle elementor-view-default elementor-widget elementor-widget-icon-box\" data-id=\"3e375263\" data-element_type=\"widget\" data-widget_type=\"icon-box.default\">\n\t\t\t\t<div class=\"elementor-widget-container\">\n\t\t\t\t\t<div class=\"elementor-icon-box-wrapper\">\n\t\t\t\t\t\t<div class=\"elementor-icon-box-icon\">\n\t\t\t\t<a class=\"elementor-icon elementor-animation-\" href=\"https:\/\/gedu.eu\/vi\/fur-unternehmen\/\">\n\t\t\t\t<i aria-hidden=\"true\" class=\"far fa-arrow-alt-circle-right\"><\/i>\t\t\t\t<\/a>\n\t\t\t<\/div>\n\t\t\t\t\t\t<div class=\"elementor-icon-box-content\">\n\t\t\t\t<p class=\"elementor-icon-box-title\">\n\t\t\t\t\t<a href=\"https:\/\/gedu.eu\/vi\/fur-unternehmen\/\">Kein Mitglied<\/a>\n\t\t\t\t<\/p>\n\t\t\t\t\t\t\t<\/div>\n\t\t<\/div>\n\t\t\t\t<\/div>\n\t\t\t\t<\/div>\n\t\t\t\t\t<\/div>\n\t\t<\/div>\n\t\t\t\t\t\t\t<\/div>\n\t\t<\/section>\n\t\t\t\t\t<\/div>\n\t\t<\/div>\n\t\t\t\t<div class=\"elementor-column elementor-col-50 elementor-top-column elementor-element elementor-element-4a266541\" data-id=\"4a266541\" data-element_type=\"column\">\n\t\t\t<div class=\"elementor-widget-wrap elementor-element-populated\">\n\t\t\t\t\t\t\t\t<div class=\"elementor-element elementor-element-c8c1e68 elementor-widget elementor-widget-spacer\" data-id=\"c8c1e68\" data-element_type=\"widget\" data-widget_type=\"spacer.default\">\n\t\t\t\t<div class=\"elementor-widget-container\">\n\t\t\t\t\t<div class=\"elementor-spacer\">\n\t\t\t<div class=\"elementor-spacer-inner\"><\/div>\n\t\t<\/div>\n\t\t\t\t<\/div>\n\t\t\t\t<\/div>\n\t\t\t\t\t<\/div>\n\t\t<\/div>\n\t\t\t\t\t\t\t<\/div>\n\t\t<\/section>\n\t\t\t\t<section class=\"elementor-section elementor-top-section elementor-element elementor-element-c67a7eb elementor-section-boxed elementor-section-height-default elementor-section-height-default\" data-id=\"c67a7eb\" data-element_type=\"section\">\n\t\t\t\t\t\t<div class=\"elementor-container elementor-column-gap-default\">\n\t\t\t\t\t<div class=\"elementor-column elementor-col-100 elementor-top-column elementor-element elementor-element-d27f072\" data-id=\"d27f072\" data-element_type=\"column\">\n\t\t\t<div class=\"elementor-widget-wrap elementor-element-populated\">\n\t\t\t\t\t\t\t\t<div class=\"elementor-element elementor-element-625b346 elementor-widget elementor-widget-spacer\" data-id=\"625b346\" data-element_type=\"widget\" data-widget_type=\"spacer.default\">\n\t\t\t\t<div class=\"elementor-widget-container\">\n\t\t\t\t\t<div class=\"elementor-spacer\">\n\t\t\t<div class=\"elementor-spacer-inner\"><\/div>\n\t\t<\/div>\n\t\t\t\t<\/div>\n\t\t\t\t<\/div>\n\t\t\t\t\t<\/div>\n\t\t<\/div>\n\t\t\t\t\t\t\t<\/div>\n\t\t<\/section>\n\t\t\t\t<section class=\"elementor-section elementor-top-section elementor-element elementor-element-c711a0d elementor-section-boxed elementor-section-height-default elementor-section-height-default\" data-id=\"c711a0d\" data-element_type=\"section\">\n\t\t\t\t\t\t<div class=\"elementor-container elementor-column-gap-default\">\n\t\t\t\t\t<div class=\"elementor-column elementor-col-50 elementor-top-column elementor-element elementor-element-e80f28d\" data-id=\"e80f28d\" data-element_type=\"column\">\n\t\t\t<div class=\"elementor-widget-wrap elementor-element-populated\">\n\t\t\t\t\t\t\t\t<div class=\"elementor-element elementor-element-7a14922 elementor-widget elementor-widget-theme-site-logo elementor-widget-image\" data-id=\"7a14922\" data-element_type=\"widget\" data-widget_type=\"theme-site-logo.default\">\n\t\t\t\t<div class=\"elementor-widget-container\">\n\t\t\t\t\t<div class=\"elementor-image\">\n\t\t\t\t\t\t\t\t\t\t\t<a href=\"https:\/\/gedu.eu\/vi\/\">\n\t\t\t\t\t\t\t<img loading=\"lazy\" decoding=\"async\" width=\"300\" height=\"144\" src=\"https:\/\/gedu.eu\/wp-content\/uploads\/2021\/03\/cropped-191011-gedu-signets-04-300x144.png\" class=\"attachment-medium size-medium\" alt=\"\" srcset=\"https:\/\/gedu.eu\/wp-content\/uploads\/2021\/03\/cropped-191011-gedu-signets-04-300x144.png 300w, https:\/\/gedu.eu\/wp-content\/uploads\/2021\/03\/cropped-191011-gedu-signets-04.png 556w\" sizes=\"auto, (max-width: 300px) 100vw, 300px\" \/>\t\t\t\t\t\t\t\t<\/a>\n\t\t\t\t\t\t\t\t\t\t\t<\/div>\n\t\t\t\t<\/div>\n\t\t\t\t<\/div>\n\t\t\t\t\t<\/div>\n\t\t<\/div>\n\t\t\t\t<div class=\"elementor-column elementor-col-50 elementor-top-column elementor-element elementor-element-d67ce6f\" data-id=\"d67ce6f\" data-element_type=\"column\">\n\t\t\t<div class=\"elementor-widget-wrap elementor-element-populated\">\n\t\t\t\t\t\t\t\t<div class=\"elementor-element elementor-element-c554cc9 elementor-widget elementor-widget-heading\" data-id=\"c554cc9\" data-element_type=\"widget\" data-widget_type=\"heading.default\">\n\t\t\t\t<div class=\"elementor-widget-container\">\n\t\t\t<h5 class=\"elementor-heading-title elementor-size-default\">Navigation<\/h5>\t\t<\/div>\n\t\t\t\t<\/div>\n\t\t\t\t<div class=\"elementor-element elementor-element-5034cbc elementor-nav-menu__align-left elementor-nav-menu--stretch elementor-nav-menu--indicator-classic elementor-nav-menu--dropdown-tablet elementor-nav-menu__text-align-aside elementor-nav-menu--toggle elementor-nav-menu--burger elementor-widget elementor-widget-nav-menu\" data-id=\"5034cbc\" data-element_type=\"widget\" data-settings=\"{&quot;layout&quot;:&quot;vertical&quot;,&quot;full_width&quot;:&quot;stretch&quot;,&quot;toggle&quot;:&quot;burger&quot;}\" data-widget_type=\"nav-menu.default\">\n\t\t\t\t<div class=\"elementor-widget-container\">\n\t\t\t\t\t\t<nav role=\"navigation\" class=\"elementor-nav-menu--main elementor-nav-menu__container elementor-nav-menu--layout-vertical e--pointer-underline e--animation-fade\"><ul id=\"menu-1-5034cbc\" class=\"elementor-nav-menu sm-vertical\"><li class=\"menu-item menu-item-type-custom menu-item-object-custom menu-item-4003\"><a href=\"#1\" class=\"elementor-item elementor-item-anchor\">1. Dienstleistungen von GEDU \/ Kontakt und Ansprechpartner:<\/a><\/li>\n<li class=\"menu-item menu-item-type-custom menu-item-object-custom menu-item-4004\"><a href=\"#2\" class=\"elementor-item elementor-item-anchor\">2. Programmablauf &#038; Konditionen<\/a><\/li>\n<li class=\"menu-item menu-item-type-custom menu-item-object-custom menu-item-4005\"><a href=\"#3\" class=\"elementor-item elementor-item-anchor\">3. Voraussetzung f\u00fcr die Betriebe<\/a><\/li>\n<li class=\"menu-item menu-item-type-custom menu-item-object-custom menu-item-4006\"><a href=\"#4\" class=\"elementor-item elementor-item-anchor\">4. \u00dcber GEDU<\/a><\/li>\n<li class=\"menu-item menu-item-type-custom menu-item-object-custom menu-item-4007\"><a href=\"#5\" class=\"elementor-item elementor-item-anchor\">5. Berliner Gastgewerbe-Betriebe mit Problemen<\/a><\/li>\n<li class=\"menu-item menu-item-type-custom menu-item-object-custom menu-item-4008\"><a href=\"#6\" class=\"elementor-item elementor-item-anchor\">6. Stimmen der Partner und Teilnehmer<\/a><\/li>\n<\/ul><\/nav>\n\t\t\t\t\t<div class=\"elementor-menu-toggle\" role=\"button\" tabindex=\"0\" aria-label=\"Menu Toggle\" aria-expanded=\"false\">\n\t\t\t<i class=\"eicon-menu-bar\" aria-hidden=\"true\"><\/i>\n\t\t\t<span class=\"elementor-screen-only\">Menu<\/span>\n\t\t<\/div>\n\t\t\t<nav class=\"elementor-nav-menu--dropdown elementor-nav-menu__container\" role=\"navigation\" aria-hidden=\"true\"><ul id=\"menu-2-5034cbc\" class=\"elementor-nav-menu sm-vertical\"><li class=\"menu-item menu-item-type-custom menu-item-object-custom menu-item-4003\"><a href=\"#1\" class=\"elementor-item elementor-item-anchor\">1. Dienstleistungen von GEDU \/ Kontakt und Ansprechpartner:<\/a><\/li>\n<li class=\"menu-item menu-item-type-custom menu-item-object-custom menu-item-4004\"><a href=\"#2\" class=\"elementor-item elementor-item-anchor\">2. Programmablauf &#038; Konditionen<\/a><\/li>\n<li class=\"menu-item menu-item-type-custom menu-item-object-custom menu-item-4005\"><a href=\"#3\" class=\"elementor-item elementor-item-anchor\">3. Voraussetzung f\u00fcr die Betriebe<\/a><\/li>\n<li class=\"menu-item menu-item-type-custom menu-item-object-custom menu-item-4006\"><a href=\"#4\" class=\"elementor-item elementor-item-anchor\">4. \u00dcber GEDU<\/a><\/li>\n<li class=\"menu-item menu-item-type-custom menu-item-object-custom menu-item-4007\"><a href=\"#5\" class=\"elementor-item elementor-item-anchor\">5. Berliner Gastgewerbe-Betriebe mit Problemen<\/a><\/li>\n<li class=\"menu-item menu-item-type-custom menu-item-object-custom menu-item-4008\"><a href=\"#6\" class=\"elementor-item elementor-item-anchor\">6. Stimmen der Partner und Teilnehmer<\/a><\/li>\n<\/ul><\/nav>\n\t\t\t\t<\/div>\n\t\t\t\t<\/div>\n\t\t\t\t\t<\/div>\n\t\t<\/div>\n\t\t\t\t\t\t\t<\/div>\n\t\t<\/section>\n\t\t\t\t<section class=\"elementor-section elementor-top-section elementor-element elementor-element-3cc3e8b elementor-section-boxed elementor-section-height-default elementor-section-height-default\" data-id=\"3cc3e8b\" data-element_type=\"section\">\n\t\t\t\t\t\t<div class=\"elementor-container elementor-column-gap-default\">\n\t\t\t\t\t<div class=\"elementor-column elementor-col-100 elementor-top-column elementor-element elementor-element-93ea1de\" data-id=\"93ea1de\" data-element_type=\"column\">\n\t\t\t<div class=\"elementor-widget-wrap elementor-element-populated\">\n\t\t\t\t\t\t\t\t<div class=\"elementor-element elementor-element-e3a2d7d elementor-widget elementor-widget-menu-anchor\" data-id=\"e3a2d7d\" data-element_type=\"widget\" data-widget_type=\"menu-anchor.default\">\n\t\t\t\t<div class=\"elementor-widget-container\">\n\t\t\t\t\t<div id=\"1\" class=\"elementor-menu-anchor\"><\/div>\n\t\t\t\t<\/div>\n\t\t\t\t<\/div>\n\t\t\t\t<div class=\"elementor-element elementor-element-4aba6909 elementor-widget elementor-widget-heading\" data-id=\"4aba6909\" data-element_type=\"widget\" data-widget_type=\"heading.default\">\n\t\t\t\t<div class=\"elementor-widget-container\">\n\t\t\t<h2 class=\"elementor-heading-title elementor-size-default\">1. Dienstleistungen von GEDU<\/h2>\t\t<\/div>\n\t\t\t\t<\/div>\n\t\t\t\t<div class=\"elementor-element elementor-element-174d074 elementor-widget elementor-widget-heading\" data-id=\"174d074\" data-element_type=\"widget\" data-widget_type=\"heading.default\">\n\t\t\t\t<div class=\"elementor-widget-container\">\n\t\t\t<h5 class=\"elementor-heading-title elementor-size-default\">GEDU bietet umfassende Dienstleistungen f\u00fcr Betriebe in Deutschland an:<\/h5>\t\t<\/div>\n\t\t\t\t<\/div>\n\t\t\t\t<div class=\"elementor-element elementor-element-27d3ef28 elementor-icon-list--layout-traditional elementor-list-item-link-full_width elementor-widget elementor-widget-icon-list\" data-id=\"27d3ef28\" data-element_type=\"widget\" data-widget_type=\"icon-list.default\">\n\t\t\t\t<div class=\"elementor-widget-container\">\n\t\t\t\t\t<ul class=\"elementor-icon-list-items\">\n\t\t\t\t\t\t\t<li class=\"elementor-icon-list-item\">\n\t\t\t\t\t\t\t\t\t\t\t<span class=\"elementor-icon-list-icon\">\n\t\t\t\t\t\t\t<i aria-hidden=\"true\" class=\"fas fa-check\"><\/i>\t\t\t\t\t\t<\/span>\n\t\t\t\t\t\t\t\t\t\t<span class=\"elementor-icon-list-text\">Vermittlung und (Vor-)Ausbildung von Fachkr\u00e4ften und jungen Menschen<\/span>\n\t\t\t\t\t\t\t\t\t<\/li>\n\t\t\t\t\t\t\t\t<li class=\"elementor-icon-list-item\">\n\t\t\t\t\t\t\t\t\t\t\t<span class=\"elementor-icon-list-icon\">\n\t\t\t\t\t\t\t<i aria-hidden=\"true\" class=\"fas fa-check\"><\/i>\t\t\t\t\t\t<\/span>\n\t\t\t\t\t\t\t\t\t\t<span class=\"elementor-icon-list-text\">Identifikation passender Personen f\u00fcr Ausbildungs- und Karrierewege<\/span>\n\t\t\t\t\t\t\t\t\t<\/li>\n\t\t\t\t\t\t\t\t<li class=\"elementor-icon-list-item\">\n\t\t\t\t\t\t\t\t\t\t\t<span class=\"elementor-icon-list-icon\">\n\t\t\t\t\t\t\t<i aria-hidden=\"true\" class=\"fas fa-check\"><\/i>\t\t\t\t\t\t<\/span>\n\t\t\t\t\t\t\t\t\t\t<span class=\"elementor-icon-list-text\">B\u00fcrokratische Aufgaben und Genehmigungen<\/span>\n\t\t\t\t\t\t\t\t\t<\/li>\n\t\t\t\t\t\t\t\t<li class=\"elementor-icon-list-item\">\n\t\t\t\t\t\t\t\t\t\t\t<span class=\"elementor-icon-list-icon\">\n\t\t\t\t\t\t\t<i aria-hidden=\"true\" class=\"fas fa-check\"><\/i>\t\t\t\t\t\t<\/span>\n\t\t\t\t\t\t\t\t\t\t<span class=\"elementor-icon-list-text\">Zweisprachige Unterst\u00fctzung mit Kenntnissen des Entsende- und Ziellandes<\/span>\n\t\t\t\t\t\t\t\t\t<\/li>\n\t\t\t\t\t\t\t\t<li class=\"elementor-icon-list-item\">\n\t\t\t\t\t\t\t\t\t\t\t<span class=\"elementor-icon-list-icon\">\n\t\t\t\t\t\t\t<i aria-hidden=\"true\" class=\"fas fa-check\"><\/i>\t\t\t\t\t\t<\/span>\n\t\t\t\t\t\t\t\t\t\t<span class=\"elementor-icon-list-text\">Belegschaftsvorbereitung und Begleitung w\u00e4hrend der Ausbildung<\/span>\n\t\t\t\t\t\t\t\t\t<\/li>\n\t\t\t\t\t\t\t\t<li class=\"elementor-icon-list-item\">\n\t\t\t\t\t\t\t\t\t\t\t<span class=\"elementor-icon-list-icon\">\n\t\t\t\t\t\t\t<i aria-hidden=\"true\" class=\"fas fa-check\"><\/i>\t\t\t\t\t\t<\/span>\n\t\t\t\t\t\t\t\t\t\t<span class=\"elementor-icon-list-text\">Ansprechpartner f\u00fcr Berufsschulen, IHK und andere Partner<\/span>\n\t\t\t\t\t\t\t\t\t<\/li>\n\t\t\t\t\t\t\t\t<li class=\"elementor-icon-list-item\">\n\t\t\t\t\t\t\t\t\t\t\t<span class=\"elementor-icon-list-icon\">\n\t\t\t\t\t\t\t<i aria-hidden=\"true\" class=\"fas fa-check\"><\/i>\t\t\t\t\t\t<\/span>\n\t\t\t\t\t\t\t\t\t\t<span class=\"elementor-icon-list-text\">Organisation von Nachhilfe\/Zusatzprogrammen und Sprachschulungen<\/span>\n\t\t\t\t\t\t\t\t\t<\/li>\n\t\t\t\t\t\t\t\t<li class=\"elementor-icon-list-item\">\n\t\t\t\t\t\t\t\t\t\t\t<span class=\"elementor-icon-list-icon\">\n\t\t\t\t\t\t\t<i aria-hidden=\"true\" class=\"fas fa-check\"><\/i>\t\t\t\t\t\t<\/span>\n\t\t\t\t\t\t\t\t\t\t<span class=\"elementor-icon-list-text\">Beratung f\u00fcr Betriebe und Azubis nach der Ausbildung<\/span>\n\t\t\t\t\t\t\t\t\t<\/li>\n\t\t\t\t\t\t\t\t<li class=\"elementor-icon-list-item\">\n\t\t\t\t\t\t\t\t\t\t\t<span class=\"elementor-icon-list-icon\">\n\t\t\t\t\t\t\t<i aria-hidden=\"true\" class=\"fas fa-check\"><\/i>\t\t\t\t\t\t<\/span>\n\t\t\t\t\t\t\t\t\t\t<span class=\"elementor-icon-list-text\">Troubleshooting f\u00fcr Betriebe mit Problemen<\/span>\n\t\t\t\t\t\t\t\t\t<\/li>\n\t\t\t\t\t\t<\/ul>\n\t\t\t\t<\/div>\n\t\t\t\t<\/div>\n\t\t\t\t<div class=\"elementor-element elementor-element-24d73b68 elementor-widget elementor-widget-text-editor\" data-id=\"24d73b68\" data-element_type=\"widget\" data-widget_type=\"text-editor.default\">\n\t\t\t\t<div class=\"elementor-widget-container\">\n\t\t\t\t\t<div class=\"elementor-text-editor elementor-clearfix\"><p>In der Berliner Gastro-Branche arbeitet GEDU seit Jahren mit dem DEHOGA-Berlin zusammen, wodurch Mitgliedsfirmen Sonderkonditionen erhalten. GEDU bietet seine Dienstleistungen auch f\u00fcr Betriebe an, die Schwierigkeiten mit Ausbildungsverh\u00e4ltnissen haben, die nicht durch GEDU vermittelt wurden.<\/p><p>\u0110\u1ec3 bi\u1ebft th\u00eam chi ti\u1ebft, xin vui l\u00f2ng g\u1ecdi \u0111i\u1ec7n ho\u1eb7c g\u1eedi email cho ch\u00fang t\u00f4i<\/p><p>Ch\u00fang t\u00f4i r\u1ea5t h\u00e2n h\u1ea1nh \u0111\u01b0\u1ee3c t\u01b0 v\u1ea5n cho b\u1ea1n<br \/><strong>Frau Kim Anh Nguyen \/ Ansprechpartner Berlin<\/strong><\/p><p>\u00a0<\/p><\/div>\n\t\t\t\t<\/div>\n\t\t\t\t<\/div>\n\t\t\t\t<div class=\"elementor-element elementor-element-1fbe581 elementor-widget elementor-widget-heading\" data-id=\"1fbe581\" data-element_type=\"widget\" data-widget_type=\"heading.default\">\n\t\t\t\t<div class=\"elementor-widget-container\">\n\t\t\t<h5 class=\"elementor-heading-title elementor-size-default\">GEDU in Berlin:<\/h5>\t\t<\/div>\n\t\t\t\t<\/div>\n\t\t\t\t<div class=\"elementor-element elementor-element-49c85496 elementor-view-stacked elementor-position-left elementor-vertical-align-middle elementor-shape-circle elementor-widget elementor-widget-icon-box\" data-id=\"49c85496\" data-element_type=\"widget\" data-widget_type=\"icon-box.default\">\n\t\t\t\t<div class=\"elementor-widget-container\">\n\t\t\t\t\t<div class=\"elementor-icon-box-wrapper\">\n\t\t\t\t\t\t<div class=\"elementor-icon-box-icon\">\n\t\t\t\t<a class=\"elementor-icon elementor-animation-\" href=\"#\">\n\t\t\t\t<i aria-hidden=\"true\" class=\"fas fa-envelope\"><\/i>\t\t\t\t<\/a>\n\t\t\t<\/div>\n\t\t\t\t\t\t<div class=\"elementor-icon-box-content\">\n\t\t\t\t<h3 class=\"elementor-icon-box-title\">\n\t\t\t\t\t<a href=\"#\">info@gedu.eu<\/a>\n\t\t\t\t<\/h3>\n\t\t\t\t\t\t\t<\/div>\n\t\t<\/div>\n\t\t\t\t<\/div>\n\t\t\t\t<\/div>\n\t\t\t\t<div class=\"elementor-element elementor-element-2e4900d6 elementor-view-stacked elementor-position-left elementor-vertical-align-middle elementor-shape-circle elementor-widget elementor-widget-icon-box\" data-id=\"2e4900d6\" data-element_type=\"widget\" data-widget_type=\"icon-box.default\">\n\t\t\t\t<div class=\"elementor-widget-container\">\n\t\t\t\t\t<div class=\"elementor-icon-box-wrapper\">\n\t\t\t\t\t\t<div class=\"elementor-icon-box-icon\">\n\t\t\t\t<a class=\"elementor-icon elementor-animation-\" href=\"#\">\n\t\t\t\t<i aria-hidden=\"true\" class=\"fas fa-phone-alt\"><\/i>\t\t\t\t<\/a>\n\t\t\t<\/div>\n\t\t\t\t\t\t<div class=\"elementor-icon-box-content\">\n\t\t\t\t<h3 class=\"elementor-icon-box-title\">\n\t\t\t\t\t<a href=\"#\">+49 171 2323455<\/a>\n\t\t\t\t<\/h3>\n\t\t\t\t\t\t\t<\/div>\n\t\t<\/div>\n\t\t\t\t<\/div>\n\t\t\t\t<\/div>\n\t\t\t\t<div class=\"elementor-element elementor-element-ba6c12c elementor-view-stacked elementor-position-left elementor-vertical-align-middle elementor-shape-circle elementor-widget elementor-widget-icon-box\" data-id=\"ba6c12c\" data-element_type=\"widget\" data-widget_type=\"icon-box.default\">\n\t\t\t\t<div class=\"elementor-widget-container\">\n\t\t\t\t\t<div class=\"elementor-icon-box-wrapper\">\n\t\t\t\t\t\t<div class=\"elementor-icon-box-icon\">\n\t\t\t\t<a class=\"elementor-icon elementor-animation-\" href=\"https:\/\/gedu.eu\/wp-content\/uploads\/2023\/11\/GEDU-Gesundheit-und-Service-Branche.pdf\">\n\t\t\t\t<i aria-hidden=\"true\" class=\"fas fa-book-open\"><\/i>\t\t\t\t<\/a>\n\t\t\t<\/div>\n\t\t\t\t\t\t<div class=\"elementor-icon-box-content\">\n\t\t\t\t<h3 class=\"elementor-icon-box-title\">\n\t\t\t\t\t<a href=\"https:\/\/gedu.eu\/wp-content\/uploads\/2023\/11\/GEDU-Gesundheit-und-Service-Branche.pdf\">Brosch\u00fcre herunterladen<\/a>\n\t\t\t\t<\/h3>\n\t\t\t\t\t\t\t<\/div>\n\t\t<\/div>\n\t\t\t\t<\/div>\n\t\t\t\t<\/div>\n\t\t\t\t<div class=\"elementor-element elementor-element-def79af elementor-widget elementor-widget-spacer\" data-id=\"def79af\" data-element_type=\"widget\" data-widget_type=\"spacer.default\">\n\t\t\t\t<div class=\"elementor-widget-container\">\n\t\t\t\t\t<div class=\"elementor-spacer\">\n\t\t\t<div class=\"elementor-spacer-inner\"><\/div>\n\t\t<\/div>\n\t\t\t\t<\/div>\n\t\t\t\t<\/div>\n\t\t\t\t<div class=\"elementor-element elementor-element-86f361f elementor-widget elementor-widget-menu-anchor\" data-id=\"86f361f\" data-element_type=\"widget\" data-widget_type=\"menu-anchor.default\">\n\t\t\t\t<div class=\"elementor-widget-container\">\n\t\t\t\t\t<div id=\"2\" class=\"elementor-menu-anchor\"><\/div>\n\t\t\t\t<\/div>\n\t\t\t\t<\/div>\n\t\t\t\t<div class=\"elementor-element elementor-element-539365f elementor-widget elementor-widget-heading\" data-id=\"539365f\" data-element_type=\"widget\" data-widget_type=\"heading.default\">\n\t\t\t\t<div class=\"elementor-widget-container\">\n\t\t\t<h2 class=\"elementor-heading-title elementor-size-default\">2. Programmablauf &amp; Konditionen<\/h2>\t\t<\/div>\n\t\t\t\t<\/div>\n\t\t\t\t<div class=\"elementor-element elementor-element-c88ece1 elementor-widget elementor-widget-text-editor\" data-id=\"c88ece1\" data-element_type=\"widget\" data-widget_type=\"text-editor.default\">\n\t\t\t\t<div class=\"elementor-widget-container\">\n\t\t\t\t\t<div class=\"elementor-text-editor elementor-clearfix\"><p><span style=\"font-weight: 400;\">Im Folgenden wird ein typischer Programmablauf dargestellt, er kann je nach individuellen Gegebenheiten angepasst werden:<\/span><\/p><\/div>\n\t\t\t\t<\/div>\n\t\t\t\t<\/div>\n\t\t\t\t<div class=\"elementor-element elementor-element-44d13bb elementor-widget elementor-widget-accordion\" data-id=\"44d13bb\" data-element_type=\"widget\" data-widget_type=\"accordion.default\">\n\t\t\t\t<div class=\"elementor-widget-container\">\n\t\t\t\t\t<div class=\"elementor-accordion\" role=\"tablist\">\n\t\t\t\t\t\t\t<div class=\"elementor-accordion-item\">\n\t\t\t\t\t<div id=\"elementor-tab-title-7211\" class=\"elementor-tab-title\" data-tab=\"1\" role=\"tab\" aria-controls=\"elementor-tab-content-7211\" aria-expanded=\"false\">\n\t\t\t\t\t\t\t\t\t\t\t\t\t<span class=\"elementor-accordion-icon elementor-accordion-icon-right\" aria-hidden=\"true\">\n\t\t\t\t\t\t\t\t\t\t\t\t\t\t\t<span class=\"elementor-accordion-icon-closed\"><i class=\"fas fa-angle-down\"><\/i><\/span>\n\t\t\t\t\t\t\t\t<span class=\"elementor-accordion-icon-opened\"><i class=\"fas fa-angle-up\"><\/i><\/span>\n\t\t\t\t\t\t\t\t\t\t\t\t\t\t<\/span>\n\t\t\t\t\t\t\t\t\t\t\t\t<a class=\"elementor-accordion-title\" href=\"\">Phase 1:  Beratung zum Programm und Voraussetzungen f\u00fcr die Teilnahme<\/a>\n\t\t\t\t\t<\/div>\n\t\t\t\t\t<div id=\"elementor-tab-content-7211\" class=\"elementor-tab-content elementor-clearfix\" data-tab=\"1\" role=\"tabpanel\" aria-labelledby=\"elementor-tab-title-7211\"><ol><li style=\"font-weight: 400;\" aria-level=\"1\"><span style=\"font-weight: 400;\">Beratung \u00fcber den Programmablauf\u00a0<\/span><\/li><li style=\"font-weight: 400;\" aria-level=\"1\"><span style=\"font-weight: 400;\">\u00dcberblick Bewerbungsverfahren, Auswahlprozess, Einstellungsphasen<\/span><\/li><li style=\"font-weight: 400;\" aria-level=\"1\"><span style=\"font-weight: 400;\">Bedarfsanalyse und Pr\u00fcfung der Voraussetzungen f\u00fcr eine Zusammenarbeit<\/span><\/li><li style=\"font-weight: 400;\" aria-level=\"1\"><span style=\"font-weight: 400;\">Abschluss Dienstleistungsvertrag mit GEDU<\/span><\/li><\/ol><\/div>\n\t\t\t\t<\/div>\n\t\t\t\t\t\t\t<div class=\"elementor-accordion-item\">\n\t\t\t\t\t<div id=\"elementor-tab-title-7212\" class=\"elementor-tab-title\" data-tab=\"2\" role=\"tab\" aria-controls=\"elementor-tab-content-7212\" aria-expanded=\"false\">\n\t\t\t\t\t\t\t\t\t\t\t\t\t<span class=\"elementor-accordion-icon elementor-accordion-icon-right\" aria-hidden=\"true\">\n\t\t\t\t\t\t\t\t\t\t\t\t\t\t\t<span class=\"elementor-accordion-icon-closed\"><i class=\"fas fa-angle-down\"><\/i><\/span>\n\t\t\t\t\t\t\t\t<span class=\"elementor-accordion-icon-opened\"><i class=\"fas fa-angle-up\"><\/i><\/span>\n\t\t\t\t\t\t\t\t\t\t\t\t\t\t<\/span>\n\t\t\t\t\t\t\t\t\t\t\t\t<a class=\"elementor-accordion-title\" href=\"\">Phase 2:  Bedarfsermittlung und Konzeptionalisierung<\/a>\n\t\t\t\t\t<\/div>\n\t\t\t\t\t<div id=\"elementor-tab-content-7212\" class=\"elementor-tab-content elementor-clearfix\" data-tab=\"2\" role=\"tabpanel\" aria-labelledby=\"elementor-tab-title-7212\"><ol><li style=\"font-weight: 400;\" aria-level=\"1\"><span style=\"font-weight: 400;\">Anmeldung des Bedarfs und Festlegung des Ausbildungsbeginns\u00a0<\/span><\/li><li style=\"font-weight: 400;\" aria-level=\"1\"><span style=\"font-weight: 400;\">Erstellung eines Bewerber-Anforderungsprofils (Stellenausschreibung) sowie Angabe zu den betrieblichen Konditionen\/Benefits in digitaler Form<\/span><\/li><li style=\"font-weight: 400;\" aria-level=\"1\"><span style=\"font-weight: 400;\">Ggf. ma\u00dfgeschneiderte Konzeptionalisierung und Rekrutierungsma\u00dfnahmen <\/span><\/li><\/ol><\/div>\n\t\t\t\t<\/div>\n\t\t\t\t\t\t\t<div class=\"elementor-accordion-item\">\n\t\t\t\t\t<div id=\"elementor-tab-title-7213\" class=\"elementor-tab-title\" data-tab=\"3\" role=\"tab\" aria-controls=\"elementor-tab-content-7213\" aria-expanded=\"false\">\n\t\t\t\t\t\t\t\t\t\t\t\t\t<span class=\"elementor-accordion-icon elementor-accordion-icon-right\" aria-hidden=\"true\">\n\t\t\t\t\t\t\t\t\t\t\t\t\t\t\t<span class=\"elementor-accordion-icon-closed\"><i class=\"fas fa-angle-down\"><\/i><\/span>\n\t\t\t\t\t\t\t\t<span class=\"elementor-accordion-icon-opened\"><i class=\"fas fa-angle-up\"><\/i><\/span>\n\t\t\t\t\t\t\t\t\t\t\t\t\t\t<\/span>\n\t\t\t\t\t\t\t\t\t\t\t\t<a class=\"elementor-accordion-title\" href=\"\">Phase 3: Recruiting, Vorbildung inkl. Sprachkurse und kulturelle Training im Herkunftsland<\/a>\n\t\t\t\t\t<\/div>\n\t\t\t\t\t<div id=\"elementor-tab-content-7213\" class=\"elementor-tab-content elementor-clearfix\" data-tab=\"3\" role=\"tabpanel\" aria-labelledby=\"elementor-tab-title-7213\"><ol><li style=\"font-weight: 400;\" aria-level=\"1\"><span style=\"font-weight: 400;\">Rekrutierung geeigneter Kandidaten nach Angabe der Anforderungsprofile<\/span><\/li><li style=\"font-weight: 400;\" aria-level=\"1\"><span style=\"font-weight: 400;\">Vorbildung inkl. Sprachkurse und kulturelles Training (nach Anforderungen der Deutschen Botschaft)\u00a0<\/span><\/li><li style=\"font-weight: 400;\" aria-level=\"1\"><span style=\"font-weight: 400;\">Erstellung von relevanten Bewerbungsunterlagen<\/span><\/li><\/ol><\/div>\n\t\t\t\t<\/div>\n\t\t\t\t\t\t\t<div class=\"elementor-accordion-item\">\n\t\t\t\t\t<div id=\"elementor-tab-title-7214\" class=\"elementor-tab-title\" data-tab=\"4\" role=\"tab\" aria-controls=\"elementor-tab-content-7214\" aria-expanded=\"false\">\n\t\t\t\t\t\t\t\t\t\t\t\t\t<span class=\"elementor-accordion-icon elementor-accordion-icon-right\" aria-hidden=\"true\">\n\t\t\t\t\t\t\t\t\t\t\t\t\t\t\t<span class=\"elementor-accordion-icon-closed\"><i class=\"fas fa-angle-down\"><\/i><\/span>\n\t\t\t\t\t\t\t\t<span class=\"elementor-accordion-icon-opened\"><i class=\"fas fa-angle-up\"><\/i><\/span>\n\t\t\t\t\t\t\t\t\t\t\t\t\t\t<\/span>\n\t\t\t\t\t\t\t\t\t\t\t\t<a class=\"elementor-accordion-title\" href=\"\">Phase 4:  Interview und Auswahlverfahren mit Arbeitgeber<\/a>\n\t\t\t\t\t<\/div>\n\t\t\t\t\t<div id=\"elementor-tab-content-7214\" class=\"elementor-tab-content elementor-clearfix\" data-tab=\"4\" role=\"tabpanel\" aria-labelledby=\"elementor-tab-title-7214\"><article class=\"ab-faq\"><div class=\"ab-faq__answer js-collapsible__target\"><ol><li style=\"font-weight: 400;\" aria-level=\"1\"><span style=\"font-weight: 400;\">Bewerbungs- und Auswahlverfahren geeigneter Kandidaten, ggf. mit pers\u00f6nlichem (Video)Interview<\/span><\/li><li style=\"font-weight: 400;\" aria-level=\"1\"><span style=\"font-weight: 400;\">Auswahl der Kandidaten, Unterzeichnung Arbeits-\/Ausbildungsvertrag\u00a0<\/span><\/li><li style=\"font-weight: 400;\" aria-level=\"1\"><span style=\"font-weight: 400;\">Zurverf\u00fcgungstellen von relevanten Unterlagen f\u00fcr weitere Schritte<\/span><\/li><\/ol><\/div><\/article><article class=\"ab-faq\"><\/article><\/div>\n\t\t\t\t<\/div>\n\t\t\t\t\t\t\t<div class=\"elementor-accordion-item\">\n\t\t\t\t\t<div id=\"elementor-tab-title-7215\" class=\"elementor-tab-title\" data-tab=\"5\" role=\"tab\" aria-controls=\"elementor-tab-content-7215\" aria-expanded=\"false\">\n\t\t\t\t\t\t\t\t\t\t\t\t\t<span class=\"elementor-accordion-icon elementor-accordion-icon-right\" aria-hidden=\"true\">\n\t\t\t\t\t\t\t\t\t\t\t\t\t\t\t<span class=\"elementor-accordion-icon-closed\"><i class=\"fas fa-angle-down\"><\/i><\/span>\n\t\t\t\t\t\t\t\t<span class=\"elementor-accordion-icon-opened\"><i class=\"fas fa-angle-up\"><\/i><\/span>\n\t\t\t\t\t\t\t\t\t\t\t\t\t\t<\/span>\n\t\t\t\t\t\t\t\t\t\t\t\t<a class=\"elementor-accordion-title\" href=\"\">Phase 5: Visabeantragung und Vorbereitung Einreise nach Deutschland <\/a>\n\t\t\t\t\t<\/div>\n\t\t\t\t\t<div id=\"elementor-tab-content-7215\" class=\"elementor-tab-content elementor-clearfix\" data-tab=\"5\" role=\"tabpanel\" aria-labelledby=\"elementor-tab-title-7215\"><ol><li style=\"font-weight: 400;\" aria-level=\"1\"><span style=\"font-weight: 400;\">Beglaubigung von Dokumenten und Unterlagen<\/span><\/li><li style=\"font-weight: 400;\" aria-level=\"1\"><span style=\"font-weight: 400;\">Visa-Beantragung<\/span><\/li><li style=\"font-weight: 400;\" aria-level=\"1\"><span style=\"font-weight: 400;\">Vorbereitung und ggf. Organisation weitere Sprachkurse in Deutschland<\/span><\/li><li style=\"font-weight: 400;\" aria-level=\"1\"><span style=\"font-weight: 400;\">Transfer der Teilnehmer nach Deutschland\/zum Betriebsort<\/span><\/li><\/ol><\/div>\n\t\t\t\t<\/div>\n\t\t\t\t\t\t\t<div class=\"elementor-accordion-item\">\n\t\t\t\t\t<div id=\"elementor-tab-title-7216\" class=\"elementor-tab-title\" data-tab=\"6\" role=\"tab\" aria-controls=\"elementor-tab-content-7216\" aria-expanded=\"false\">\n\t\t\t\t\t\t\t\t\t\t\t\t\t<span class=\"elementor-accordion-icon elementor-accordion-icon-right\" aria-hidden=\"true\">\n\t\t\t\t\t\t\t\t\t\t\t\t\t\t\t<span class=\"elementor-accordion-icon-closed\"><i class=\"fas fa-angle-down\"><\/i><\/span>\n\t\t\t\t\t\t\t\t<span class=\"elementor-accordion-icon-opened\"><i class=\"fas fa-angle-up\"><\/i><\/span>\n\t\t\t\t\t\t\t\t\t\t\t\t\t\t<\/span>\n\t\t\t\t\t\t\t\t\t\t\t\t<a class=\"elementor-accordion-title\" href=\"\">Phase 6: Ausbildungsbeginn und Integration in dem Betrieb<\/a>\n\t\t\t\t\t<\/div>\n\t\t\t\t\t<div id=\"elementor-tab-content-7216\" class=\"elementor-tab-content elementor-clearfix\" data-tab=\"6\" role=\"tabpanel\" aria-labelledby=\"elementor-tab-title-7216\"><ol><li style=\"font-weight: 400;\" aria-level=\"1\"><span style=\"font-weight: 400;\">Zusammenf\u00fchren von Arbeitgebern und Auszubildenden<\/span><\/li><li style=\"font-weight: 400;\" aria-level=\"1\"><span style=\"font-weight: 400;\">Hilfestellung der Teilnehmer w\u00e4hrend Probezeit<\/span><\/li><li style=\"font-weight: 400;\" aria-level=\"1\"><span style=\"font-weight: 400;\">Nach Bedarf und M\u00f6glichkeit: Organisation berufsbegleitender Sprachkurse<\/span><\/li><li style=\"font-weight: 400;\" aria-level=\"1\"><span style=\"font-weight: 400;\">Betreuung und Begleitung w\u00e4hrend der Besch\u00e4ftigungszeit <\/span><\/li><\/ol><\/div>\n\t\t\t\t<\/div>\n\t\t\t\t\t\t\t<div class=\"elementor-accordion-item\">\n\t\t\t\t\t<div id=\"elementor-tab-title-7217\" class=\"elementor-tab-title\" data-tab=\"7\" role=\"tab\" aria-controls=\"elementor-tab-content-7217\" aria-expanded=\"false\">\n\t\t\t\t\t\t\t\t\t\t\t\t\t<span class=\"elementor-accordion-icon elementor-accordion-icon-right\" aria-hidden=\"true\">\n\t\t\t\t\t\t\t\t\t\t\t\t\t\t\t<span class=\"elementor-accordion-icon-closed\"><i class=\"fas fa-angle-down\"><\/i><\/span>\n\t\t\t\t\t\t\t\t<span class=\"elementor-accordion-icon-opened\"><i class=\"fas fa-angle-up\"><\/i><\/span>\n\t\t\t\t\t\t\t\t\t\t\t\t\t\t<\/span>\n\t\t\t\t\t\t\t\t\t\t\t\t<a class=\"elementor-accordion-title\" href=\"\">Phase 7: Perspektive als Fachkraft nach der Ausbildung<\/a>\n\t\t\t\t\t<\/div>\n\t\t\t\t\t<div id=\"elementor-tab-content-7217\" class=\"elementor-tab-content elementor-clearfix\" data-tab=\"7\" role=\"tabpanel\" aria-labelledby=\"elementor-tab-title-7217\"><ol><li style=\"font-weight: 400;\" aria-level=\"1\"><span style=\"font-weight: 400;\">Beratung und Unterst\u00fctzung: Einstieg ins Berufsleben als Fachkraft und Bleibeperspektive<\/span><\/li><li style=\"font-weight: 400;\" aria-level=\"1\"><span style=\"font-weight: 400;\">Fortsetzung des Arbeitsverh\u00e4ltnisses mit bisherigem Arbeitgeber<\/span><\/li><li style=\"font-weight: 400;\" aria-level=\"1\"><span style=\"font-weight: 400;\">Berufliche Beratung zum weiteren Karriereweg, z.B. Duales Studium, Meisterqualifizierung, etc.<\/span><\/li><\/ol><\/div>\n\t\t\t\t<\/div>\n\t\t\t\t\t<\/div>\n\t\t\t\t<\/div>\n\t\t\t\t<\/div>\n\t\t\t\t<div class=\"elementor-element elementor-element-0f69fb0 elementor-widget elementor-widget-heading\" data-id=\"0f69fb0\" data-element_type=\"widget\" data-widget_type=\"heading.default\">\n\t\t\t\t<div class=\"elementor-widget-container\">\n\t\t\t<h2 class=\"elementor-heading-title elementor-size-default\">Konditionen & Leistungen f\u00fcr Mitglieder der DEHOGA Berlin<\/h2>\t\t<\/div>\n\t\t\t\t<\/div>\n\t\t\t\t<div class=\"elementor-element elementor-element-3dde16e elementor-widget elementor-widget-text-editor\" data-id=\"3dde16e\" data-element_type=\"widget\" data-widget_type=\"text-editor.default\">\n\t\t\t\t<div class=\"elementor-widget-container\">\n\t\t\t\t\t<div class=\"elementor-text-editor elementor-clearfix\"><p style=\"text-align: left;\"><span style=\"font-weight: 400;\">Die Kosten f\u00fcr das oben beschriebene Paket betragen etwa 110,00 \u2013 130,00 Euro pro Monat und Auszubildenden.\u00a0 <\/span><span style=\"font-weight: 400;\">Ein genaues Angebot zu einem festen Preis erhalten Sie von uns nach der Bedarfsanalyse und Pr\u00fcfung der Voraussetzungen f\u00fcr eine Zusammenarbeit.<\/span><\/p><p>\u00a0<\/p><p style=\"text-align: left;\"><b>Kostenfreie oder verg\u00fcnstigte Angebote\/Leistungen f\u00fcr Mitglieder der DEHOGA Berlin\u00a0<\/b><\/p><p style=\"text-align: left;\"><span style=\"font-weight: 400;\">1<\/span><b>) Kostenlose Betreuung der Auszubildenden ab dem 13. Monat<\/b> <span style=\"font-weight: 400;\"><br \/><\/span><span style=\"font-weight: 400;\">Die GEDU steht w\u00e4hrend der gesamten Besch\u00e4ftigungs- bzw. Ausbildungsdauer dem Betrieb sowie dem Auszubildenden unterst\u00fctzend zur Seite.\u00a0<\/span><\/p><p style=\"text-align: left;\"><span style=\"font-weight: 400;\">2) <\/span><b>Sprachkurse und Nachhilfe<\/b> <span style=\"font-weight: 400;\"><br \/><\/span><span style=\"font-weight: 400;\">Die GEDU organisiert bei Bedarf berufsbezogene Sprach- und Nachhilfekurse (online\/offline). Zudem sollen angehende Absolventen durch Pr\u00fcfungsvorbereitende Kurse der erfolgreiche Abschluss gesichert werden. Die Teilnahme ist durch den Arbeitgeber zu f\u00f6rdern bzw. zu gew\u00e4hrleisten.\u00a0<\/span><\/p><p style=\"text-align: left;\"><span style=\"font-weight: 400;\">3) <\/span><b>Kostenfreier Ersatz<\/b> <span style=\"font-weight: 400;\"><br \/><\/span><span style=\"font-weight: 400;\">Beim Ausfall bzw. Nichtantreten der Ausbildung, ausgel\u00f6st durch den Auszubildenden, leistet die GEDU kostenfrei Ersatz zum n\u00e4chstm\u00f6glichen Zeitpunkt.\u00a0<\/span><\/p><p style=\"text-align: left;\"><span style=\"font-weight: 400;\">4) <\/span><b>Intensive Vorbereitung vor Ausbildungsbeginn in Deutschland<\/b> <span style=\"font-weight: 400;\"><br \/><\/span><span style=\"font-weight: 400;\">Die Teilnehmer werden durch einen dreimonatigen Intensivsprach- und Integrationskurs auf das Leben in Deutschland vorbereitet.\u00a0<\/span><\/p><p style=\"text-align: left;\"><span style=\"font-weight: 400;\">5) <\/span><b>Interkulturelles Training f\u00fcr Betrieb und Mitarbeiter<\/b> <span style=\"font-weight: 400;\"><br \/><\/span><span style=\"font-weight: 400;\">Kostenfreie Interkulturelle Workshops f\u00fcr Betrieb und Mitarbeiter (Leistung im Wert von 1.000-2.000\u20ac pro Workshop) um auf die k\u00fcnftige Zusammenarbeit mit vietnamesischen Mitarbeitern vorzubereiten.\u00a0<\/span><\/p><p style=\"text-align: left;\"><span style=\"font-weight: 400;\">6) <\/span><b>Delegationsreise nach Vietnam<\/b> <span style=\"font-weight: 400;\"><br \/><\/span><span style=\"font-weight: 400;\">F\u00fcr Delegationsreisen, organisiert durch die GEDU, gibt es Verg\u00fcnstigungen bis zu 50% auf die Teilnahmegeb\u00fchren.<\/span><\/p><\/div>\n\t\t\t\t<\/div>\n\t\t\t\t<\/div>\n\t\t\t\t<div class=\"elementor-element elementor-element-3fb9269 elementor-widget elementor-widget-spacer\" data-id=\"3fb9269\" data-element_type=\"widget\" data-widget_type=\"spacer.default\">\n\t\t\t\t<div class=\"elementor-widget-container\">\n\t\t\t\t\t<div class=\"elementor-spacer\">\n\t\t\t<div class=\"elementor-spacer-inner\"><\/div>\n\t\t<\/div>\n\t\t\t\t<\/div>\n\t\t\t\t<\/div>\n\t\t\t\t<div class=\"elementor-element elementor-element-c857875 elementor-widget elementor-widget-menu-anchor\" data-id=\"c857875\" data-element_type=\"widget\" data-widget_type=\"menu-anchor.default\">\n\t\t\t\t<div class=\"elementor-widget-container\">\n\t\t\t\t\t<div id=\"3\" class=\"elementor-menu-anchor\"><\/div>\n\t\t\t\t<\/div>\n\t\t\t\t<\/div>\n\t\t\t\t<div class=\"elementor-element elementor-element-d98d2e1 elementor-widget elementor-widget-heading\" data-id=\"d98d2e1\" data-element_type=\"widget\" data-widget_type=\"heading.default\">\n\t\t\t\t<div class=\"elementor-widget-container\">\n\t\t\t<h2 class=\"elementor-heading-title elementor-size-default\">3. Voraussetzung f\u00fcr die Betriebe<\/h2>\t\t<\/div>\n\t\t\t\t<\/div>\n\t\t\t\t<div class=\"elementor-element elementor-element-d9b80ed elementor-widget elementor-widget-text-editor\" data-id=\"d9b80ed\" data-element_type=\"widget\" data-widget_type=\"text-editor.default\">\n\t\t\t\t<div class=\"elementor-widget-container\">\n\t\t\t\t\t<div class=\"elementor-text-editor elementor-clearfix\"><p style=\"text-align: left;\"><strong>GEDU arbeitet nach dem \u201eGold-Standard\u201c \u2013 das ist ein Rahmen, der vom Ausw\u00e4rtigen Amt und den ihm nachfolgenden Deutschen Botschaften gesetzt wurde.\u00a0<\/strong><\/p><p style=\"text-align: left;\"><span style=\"font-weight: 400;\">Weitere Voraussetzungen basieren auf den langj\u00e4hrigen Erfahrungen und sind Basis f\u00fcr die hohe Erfolgsquote von GEDU.<\/span><\/p><p style=\"text-align: left;\"><span style=\"font-weight: 400;\"><strong>a) Ausbildungsverg\u00fctung<\/strong> (nach Vorgaben der Deutschen Botschaft\/Ausw\u00e4rtiges Amt)* Ab 2023: mind. brutto 1000\u20ac im 1. Lehrjahr, 1100\u20ac im 2. Lehrjahr, 1200\u20ac im 3. Lehrjahr.\u00a0<\/span><\/p><p style=\"text-align: left;\"><strong>b) Unterkunft und Mietzuschuss\u00a0<\/strong><\/p><p style=\"text-align: left;\"><span style=\"font-weight: 400;\">Der Betrieb stimmt einem h\u00f6heren Gehalt zu, um die Bezahlung einer Unterkunft zu gew\u00e4hrleisten. Alternativ wird ein Mietzuschuss, abh\u00e4ngig von der tats\u00e4chlichen Miete, pro Azubi gew\u00e4hrleistet. Je nach M\u00f6glichkeiten unterst\u00fctzt die GEDU bei der Organisation der Unterk\u00fcnfte.\u00a0<\/span><\/p><p style=\"text-align: left;\"><strong>c) Anschluss Berufsschule \/ Zuschuss \u00d6PNV-Ticket (Job-Ticket)\u00a0<\/strong><\/p><p style=\"text-align: left;\"><span style=\"font-weight: 400;\">Der Anschluss bzw. Weg\/Zugang zur Berufsschule und Ausbildungsbetrieb muss sichergestellt und gew\u00e4hrleistet werden. Dem Arbeitgeber steht es frei, den Auszubildenden daf\u00fcr einen orts\u00fcblichen, angemessenen Zuschuss zur Nutzung \u00f6ffentlicher Verkehrsmittel (Job-Ticket) zu stellen. Zus\u00e4tzlich ist das Bereitstellen eines Fahrrads bzw. geeignete Verkehrsmittel f\u00fcr mehr Mobilit\u00e4t von den Arbeitgebern zu f\u00f6rdern.\u00a0<\/span><\/p><p style=\"text-align: left;\"><strong>d) Ausbildungsbef\u00e4higung des Betriebes\u00a0<\/strong><\/p><p style=\"text-align: left;\"><span style=\"font-weight: 400;\">Der Arbeitgeber\/Ausbildungsbetrieb verf\u00fcgt \u00fcber entsprechendes Personal mit Fachkenntnissen und die Ausstattung des Betriebes ist f\u00fcr eine Ausbildung gew\u00e4hrleistet. Der Betrieb muss in der Lage sein, eine grundlegende und umfassende Ausbildung zu gew\u00e4hrleisten.\u00a0<\/span><\/p><p style=\"text-align: left;\"><i><span style=\"font-weight: 400;\">*Nachweis \u00fcber ausreichende Lebensunterhaltssicherung:\u00a0<\/span><\/i><\/p><p style=\"text-align: left;\"><i><span style=\"font-weight: 400;\">Zur Pr\u00fcfung der ausreichenden Lebensunterhaltssicherung w\u00e4hrend der Berufsausbildung zieht die Visastelle (Deutsche Botschaft in Vietnam) einen bundeseinheitlichen Orientierungsbetrag heran. Der Orientierungsbetrag ist mit 939\u20ac brutto pro Monat festgelegt. Als Nachweis im Visumverfahren wird zun\u00e4chst die H\u00f6he der monatlichen Ausbildungsverg\u00fctung laut Ausbildungsvertrag herangezogen. Soweit Logis \u00fcbernommen wird, kann der entsprechende Betrag in Abzug gebracht werden. Soweit Kost \u00fcbernommen wird, k\u00f6nnen pauschal 150 EUR abgezogen werden.<\/span><\/i><\/p><\/div>\n\t\t\t\t<\/div>\n\t\t\t\t<\/div>\n\t\t\t\t<div class=\"elementor-element elementor-element-e4c4b00 elementor-widget elementor-widget-spacer\" data-id=\"e4c4b00\" data-element_type=\"widget\" data-widget_type=\"spacer.default\">\n\t\t\t\t<div class=\"elementor-widget-container\">\n\t\t\t\t\t<div class=\"elementor-spacer\">\n\t\t\t<div class=\"elementor-spacer-inner\"><\/div>\n\t\t<\/div>\n\t\t\t\t<\/div>\n\t\t\t\t<\/div>\n\t\t\t\t<div class=\"elementor-element elementor-element-b6bbbbf elementor-widget elementor-widget-menu-anchor\" data-id=\"b6bbbbf\" data-element_type=\"widget\" data-widget_type=\"menu-anchor.default\">\n\t\t\t\t<div class=\"elementor-widget-container\">\n\t\t\t\t\t<div id=\"4\" class=\"elementor-menu-anchor\"><\/div>\n\t\t\t\t<\/div>\n\t\t\t\t<\/div>\n\t\t\t\t<div class=\"elementor-element elementor-element-74f8790 elementor-widget elementor-widget-heading\" data-id=\"74f8790\" data-element_type=\"widget\" data-widget_type=\"heading.default\">\n\t\t\t\t<div class=\"elementor-widget-container\">\n\t\t\t<h2 class=\"elementor-heading-title elementor-size-default\">4. \u00dcber GEDU<\/h2>\t\t<\/div>\n\t\t\t\t<\/div>\n\t\t\t\t<div class=\"elementor-element elementor-element-4e5b1e2 elementor-widget elementor-widget-text-editor\" data-id=\"4e5b1e2\" data-element_type=\"widget\" data-widget_type=\"text-editor.default\">\n\t\t\t\t<div class=\"elementor-widget-container\">\n\t\t\t\t\t<div class=\"elementor-text-editor elementor-clearfix\"><p>GEDU International GmbH \u2013 German Education wurde im Jahr 2016 in Berlin und Hanoi als Bildungs- und Personaldienstleister gegr\u00fcndet und vermittelte bis heute hunderte Auszubildende und Fachkr\u00e4fte nach Deutschland.<\/p><\/div>\n\t\t\t\t<\/div>\n\t\t\t\t<\/div>\n\t\t\t\t<div class=\"elementor-element elementor-element-197f34aa elementor-testimonial--layout-image_left elementor-testimonial--align-left elementor-testimonial--skin-default elementor-arrows-yes elementor-pagination-type-bullets elementor-widget elementor-widget-testimonial-carousel\" data-id=\"197f34aa\" data-element_type=\"widget\" data-settings=\"{&quot;slides_per_view&quot;:&quot;1&quot;,&quot;slides_to_scroll&quot;:&quot;1&quot;,&quot;space_between&quot;:{&quot;unit&quot;:&quot;px&quot;,&quot;size&quot;:0,&quot;sizes&quot;:[]},&quot;show_arrows&quot;:&quot;yes&quot;,&quot;pagination&quot;:&quot;bullets&quot;,&quot;speed&quot;:500,&quot;autoplay&quot;:&quot;yes&quot;,&quot;autoplay_speed&quot;:5000,&quot;loop&quot;:&quot;yes&quot;,&quot;pause_on_hover&quot;:&quot;yes&quot;,&quot;pause_on_interaction&quot;:&quot;yes&quot;,&quot;space_between_tablet&quot;:{&quot;unit&quot;:&quot;px&quot;,&quot;size&quot;:10,&quot;sizes&quot;:[]},&quot;space_between_mobile&quot;:{&quot;unit&quot;:&quot;px&quot;,&quot;size&quot;:10,&quot;sizes&quot;:[]}}\" data-widget_type=\"testimonial-carousel.default\">\n\t\t\t\t<div class=\"elementor-widget-container\">\n\t\t\t\t\t<div class=\"elementor-swiper\">\n\t\t\t<div class=\"elementor-main-swiper swiper-container\">\n\t\t\t\t<div class=\"swiper-wrapper\">\n\t\t\t\t\t\t\t\t\t\t\t<div class=\"swiper-slide\">\n\t\t\t\t\t\t\t\t\t<div class=\"elementor-testimonial\">\n\t\t\t\t\t\t\t<div class=\"elementor-testimonial__content\">\n\t\t\t\t\t<div class=\"elementor-testimonial__text\">\n\t\t\t\t\t\tMomentan haben wir zwei Auszubildende bei uns in der Kleinen Strandburg. Unsere jungen Kollegen sind beides Kollegen aus Vietnam. Unsrer Ausbildender und ich bin \u00fcbergl\u00fccklich, dass wir die zwei jungen Herren gewinnen konnten.\t\t\t\t\t<\/div>\n\t\t\t\t\t<cite class=\"elementor-testimonial__cite\"><span class=\"elementor-testimonial__name\">MARIANNE QUEISNER<\/span><span class=\"elementor-testimonial__title\">Hotel Kleine Strandburg<\/span><\/cite>\t\t\t\t<\/div>\n\t\t\t\t\t\t<div class=\"elementor-testimonial__footer\">\n\t\t\t\t\t\t\t\t\t<div class=\"elementor-testimonial__image\">\n\t\t\t\t\t\t<img decoding=\"async\" src=\"https:\/\/gedu.eu\/wp-content\/uploads\/2021\/03\/testimonial4.jpg\" alt=\"MARIANNE QUEISNER\">\n\t\t\t\t\t<\/div>\n\t\t\t\t\t\t\t\t\t\t\t<\/div>\n\t\t<\/div>\n\t\t\t\t\t\t\t\t<\/div>\n\t\t\t\t\t\t\t\t\t\t\t<div class=\"swiper-slide\">\n\t\t\t\t\t\t\t\t\t<div class=\"elementor-testimonial\">\n\t\t\t\t\t\t\t<div class=\"elementor-testimonial__content\">\n\t\t\t\t\t<div class=\"elementor-testimonial__text\">\n\t\t\t\t\t\tWir haben nicht nur seit dem vergangenen Jahr vietnamesische Kollegen bei uns im Haus, sondern es sind bei uns Mitarbeiter aus 11 Nationen. Die, die wir kennengelernt haben, sind au\u00dferordentlich nette junge Leute, sympathisch, freundlich, Dienstleister, die man sich w\u00fcnscht. Ich bin sehr zufrieden.\nDie Zusammenarbeit mit der Firma GEDU f\u00fcr uns von der ersten Minute an ein Riesen gro\u00dfer Erfolg. Wir haben gesp\u00fcrt, dass wir Partner haben, die unsere W\u00fcnsche verstehen.\nWir sind sehr interessiert, dass die Zusammenarbeit mit Gedu in der Zukunft fortgesetzt wird.\t\t\t\t\t<\/div>\n\t\t\t\t\t<cite class=\"elementor-testimonial__cite\"><span class=\"elementor-testimonial__name\">TIM DORNBUSCH<\/span><span class=\"elementor-testimonial__title\">Baltic Sport- und Ferienhotel Zinnowitz<\/span><\/cite>\t\t\t\t<\/div>\n\t\t\t\t\t\t<div class=\"elementor-testimonial__footer\">\n\t\t\t\t\t\t\t\t\t<div class=\"elementor-testimonial__image\">\n\t\t\t\t\t\t<img decoding=\"async\" src=\"https:\/\/gedu.eu\/wp-content\/uploads\/2021\/03\/testimonial2.jpg\" alt=\"TIM DORNBUSCH\">\n\t\t\t\t\t<\/div>\n\t\t\t\t\t\t\t\t\t\t\t<\/div>\n\t\t<\/div>\n\t\t\t\t\t\t\t\t<\/div>\n\t\t\t\t\t\t\t\t\t\t\t<div class=\"swiper-slide\">\n\t\t\t\t\t\t\t\t\t<div class=\"elementor-testimonial\">\n\t\t\t\t\t\t\t<div class=\"elementor-testimonial__content\">\n\t\t\t\t\t<div class=\"elementor-testimonial__text\">\n\t\t\t\t\t\tEs war eine sch\u00f6ne neue Idee, die wir letztes Jahr mit den vietnamesischen Partnern begonnen haben, Auszubildende aus der gro\u00dfen Entfernung zu uns holen. Mich begeistert das sehr, denn die Auszubildenden aus Vietnam bringen etwas mit, was bei uns in unserer Wohlstandsgesellschaft bei den jungen Leuten manchmal schon verloren gegangen ist, n\u00e4mlich einen Hunger, eine Arbeit gut zu machen, eine Karriere aufzubauen.\t\t\t\t\t<\/div>\n\t\t\t\t\t<cite class=\"elementor-testimonial__cite\"><span class=\"elementor-testimonial__name\">ANDREAS QUEISNER<\/span><span class=\"elementor-testimonial__title\">Casa Familia Zinnowitz<\/span><\/cite>\t\t\t\t<\/div>\n\t\t\t\t\t\t<div class=\"elementor-testimonial__footer\">\n\t\t\t\t\t\t\t\t\t<div class=\"elementor-testimonial__image\">\n\t\t\t\t\t\t<img decoding=\"async\" src=\"https:\/\/gedu.eu\/wp-content\/uploads\/2021\/03\/testimonial3.jpg\" alt=\"ANDREAS QUEISNER\">\n\t\t\t\t\t<\/div>\n\t\t\t\t\t\t\t\t\t\t\t<\/div>\n\t\t<\/div>\n\t\t\t\t\t\t\t\t<\/div>\n\t\t\t\t\t\t\t\t\t\t\t<div class=\"swiper-slide\">\n\t\t\t\t\t\t\t\t\t<div class=\"elementor-testimonial\">\n\t\t\t\t\t\t\t<div class=\"elementor-testimonial__content\">\n\t\t\t\t\t<div class=\"elementor-testimonial__text\">\n\t\t\t\t\t\tDas Interesse viel zu lernen, sich einzubringen, viel Spa\u00df an dem was sie tun. Wir haben seit dem vergangenen Jahr bereits zwei vietnamesische Damen bei uns in der Ausbildung. Beide lernen Hotelfachfrau. Ich sitze nicht hier, weil ich von den Beiden entt\u00e4uscht bin, sondern weil ich begeistert bin von dem, was mein Team und ich sehen. N\u00e4mlich viel Begeisterung, Interesse und die Freundlichkeit und Herzlichkeit, die wirklich Sie als Vietnamesen auszeichnet. Das passt perfekt in unser wundersch\u00f6nes Hotel.\t\t\t\t\t<\/div>\n\t\t\t\t\t<cite class=\"elementor-testimonial__cite\"><span class=\"elementor-testimonial__name\">CARSTEN WILLENBOCKEL<\/span><span class=\"elementor-testimonial__title\">Steigenberger Grandhotel Heringsdorf<\/span><\/cite>\t\t\t\t<\/div>\n\t\t\t\t\t\t<div class=\"elementor-testimonial__footer\">\n\t\t\t\t\t\t\t\t\t<div class=\"elementor-testimonial__image\">\n\t\t\t\t\t\t<img decoding=\"async\" src=\"https:\/\/gedu.eu\/wp-content\/uploads\/2021\/03\/testimonial3_1.jpg\" alt=\"CARSTEN WILLENBOCKEL\">\n\t\t\t\t\t<\/div>\n\t\t\t\t\t\t\t\t\t\t\t<\/div>\n\t\t<\/div>\n\t\t\t\t\t\t\t\t<\/div>\n\t\t\t\t\t\t\t\t\t<\/div>\n\t\t\t\t\t\t\t\t\t\t\t\t\t\t\t<div class=\"swiper-pagination\"><\/div>\n\t\t\t\t\t\t\t\t\t\t\t\t\t\t\t\t<div class=\"elementor-swiper-button elementor-swiper-button-prev\">\n\t\t\t\t\t\t\t<i class=\"eicon-chevron-left\" aria-hidden=\"true\"><\/i>\n\t\t\t\t\t\t\t<span class=\"elementor-screen-only\">Previous<\/span>\n\t\t\t\t\t\t<\/div>\n\t\t\t\t\t\t<div class=\"elementor-swiper-button elementor-swiper-button-next\">\n\t\t\t\t\t\t\t<i class=\"eicon-chevron-right\" aria-hidden=\"true\"><\/i>\n\t\t\t\t\t\t\t<span class=\"elementor-screen-only\">Next<\/span>\n\t\t\t\t\t\t<\/div>\n\t\t\t\t\t\t\t\t\t\t\t\t<\/div>\n\t\t<\/div>\n\t\t\t\t<\/div>\n\t\t\t\t<\/div>\n\t\t\t\t<div class=\"elementor-element elementor-element-efc72cd elementor-widget elementor-widget-menu-anchor\" data-id=\"efc72cd\" data-element_type=\"widget\" data-widget_type=\"menu-anchor.default\">\n\t\t\t\t<div class=\"elementor-widget-container\">\n\t\t\t\t\t<div id=\"5\" class=\"elementor-menu-anchor\"><\/div>\n\t\t\t\t<\/div>\n\t\t\t\t<\/div>\n\t\t\t\t<div class=\"elementor-element elementor-element-d88e338 elementor-widget elementor-widget-heading\" data-id=\"d88e338\" data-element_type=\"widget\" data-widget_type=\"heading.default\">\n\t\t\t\t<div class=\"elementor-widget-container\">\n\t\t\t<h2 class=\"elementor-heading-title elementor-size-default\">5. Berliner Gastgewerbe-Betriebe mit Problemen<\/h2>\t\t<\/div>\n\t\t\t\t<\/div>\n\t\t\t\t<div class=\"elementor-element elementor-element-5b28bce elementor-widget elementor-widget-text-editor\" data-id=\"5b28bce\" data-element_type=\"widget\" data-widget_type=\"text-editor.default\">\n\t\t\t\t<div class=\"elementor-widget-container\">\n\t\t\t\t\t<div class=\"elementor-text-editor elementor-clearfix\"><p style=\"text-align: left;\"><span style=\"font-weight: 400;\">Gemeinsam mit Verantwortlichen des DEHOGA-Berlin haben wir Betriebe besucht, die Probleme gemeldet haben und zusammen mit dem Arbeitsamt und den Berufsschulen wurden von uns systematisch spezifische Schwierigkeiten des Berliner Arbeitsmarktes unter dem Gesichtspunkt Anwerbung von Vietnamesen in Ausbildungsverh\u00e4ltnisse, speziell Berufen des Gastgewerbes analysiert.\u00a0<\/span><\/p><p style=\"text-align: left;\"><span style=\"font-weight: 400;\">Es gibt in Berlin unterschiedlichste Herausforderungen im Bereich der vietnamesischen Auszubildenen. Die folgenden Probleme geh\u00f6ren zu den meistgenannten, sie sind meist struktureller Natur:<\/span><\/p><ul style=\"text-align: left;\"><li style=\"font-weight: 400;\" aria-level=\"1\"><span style=\"font-weight: 400;\">Auszubildende sprechen f\u00fcr lange Zeit kaum Deutsch<\/span><\/li><li style=\"font-weight: 400;\" aria-level=\"1\"><span style=\"font-weight: 400;\">Auszubildende schw\u00e4nzen die Berufsschule<\/span><\/li><li style=\"font-weight: 400;\" aria-level=\"1\"><span style=\"font-weight: 400;\">Auszubildende treten die Ausbildungsstelle nicht an sondern verschwinden auf dem grauen\/schwarzen Arbeitsmarkt<\/span><\/li><li style=\"font-weight: 400;\" aria-level=\"1\"><span style=\"font-weight: 400;\">Auszubildende bestehen ihre Pr\u00fcfungen nicht<\/span><\/li><\/ul><p style=\"text-align: left;\"><span style=\"font-weight: 400;\">In vielen F\u00e4llen k\u00f6nnen wir helfen. Wir k\u00f6nnen keine Wunder vollbringen, aber im ersten Schritt k\u00f6nnen wir zusammen mit Ihnen ein spezifisches Lagebild erstellen und Sie dann beraten. Wir haben ein bilinguales Team, dessen Mitglieder alle spezifischen Kenntnisse des Herkunftslandes und seiner Kultur haben und die gleichfalls die Anforderungen und Besonderheiten des Berliner Marktes und seiner Marktteilnehmer kennen.<\/span><\/p><p style=\"text-align: left;\"><span style=\"font-weight: 400;\">Das setzt uns in die Lage, Sie seri\u00f6s zu beraten. Die von uns empfohlenen Ma\u00dfnahmen sind langfristig und nachhaltig wirksam.<\/span><\/p><\/div>\n\t\t\t\t<\/div>\n\t\t\t\t<\/div>\n\t\t\t\t<div class=\"elementor-element elementor-element-15278f4 elementor-widget elementor-widget-spacer\" data-id=\"15278f4\" data-element_type=\"widget\" data-widget_type=\"spacer.default\">\n\t\t\t\t<div class=\"elementor-widget-container\">\n\t\t\t\t\t<div class=\"elementor-spacer\">\n\t\t\t<div class=\"elementor-spacer-inner\"><\/div>\n\t\t<\/div>\n\t\t\t\t<\/div>\n\t\t\t\t<\/div>\n\t\t\t\t<div class=\"elementor-element elementor-element-e485477 elementor-widget elementor-widget-menu-anchor\" data-id=\"e485477\" data-element_type=\"widget\" data-widget_type=\"menu-anchor.default\">\n\t\t\t\t<div class=\"elementor-widget-container\">\n\t\t\t\t\t<div id=\"6\" class=\"elementor-menu-anchor\"><\/div>\n\t\t\t\t<\/div>\n\t\t\t\t<\/div>\n\t\t\t\t<div class=\"elementor-element elementor-element-0553092 elementor-widget elementor-widget-heading\" data-id=\"0553092\" data-element_type=\"widget\" data-widget_type=\"heading.default\">\n\t\t\t\t<div class=\"elementor-widget-container\">\n\t\t\t<h2 class=\"elementor-heading-title elementor-size-default\">6. Stimmen der Partner und Teilnehmer<\/h2>\t\t<\/div>\n\t\t\t\t<\/div>\n\t\t\t\t<div class=\"elementor-element elementor-element-13a02ca3 elementor-widget elementor-widget-heading\" data-id=\"13a02ca3\" data-element_type=\"widget\" data-widget_type=\"heading.default\">\n\t\t\t\t<div class=\"elementor-widget-container\">\n\t\t\t<h5 class=\"elementor-heading-title elementor-size-default\">Stimmen aus dem Kreis der Partner<\/h5>\t\t<\/div>\n\t\t\t\t<\/div>\n\t\t\t\t<div class=\"elementor-element elementor-element-8758967 elementor-widget elementor-widget-text-editor\" data-id=\"8758967\" data-element_type=\"widget\" data-widget_type=\"text-editor.default\">\n\t\t\t\t<div class=\"elementor-widget-container\">\n\t\t\t\t\t<div class=\"elementor-text-editor elementor-clearfix\"><blockquote><p style=\"text-align: left;\"><span style=\"font-weight: 400;\">Wie viele Kollegen und Kolleginnen suche auch ich Nachwuchs f\u00fcr mein Team. Wir haben seit \u00fcber f\u00fcnf Jahren Auszubildende aus Vietnam und ich bin \u00fcberzeugt von dem, was mein Team und ich sehen. N\u00e4mlich viel Begeisterung, Interesse, Freundlichkeit und Herzlichkeit, die sie wirklich als Vietnamesen auszeichnet.<\/span><\/p><p style=\"text-align: left;\"><span style=\"font-weight: 400;\">Das passt perfekt in unser wundersch\u00f6nes Hotel.<\/span><\/p><p style=\"text-align: left;\"><span style=\"font-weight: 400;\">Die Zusammenarbeit mit der Firma GEDU International war f\u00fcr uns von der ersten Minute an ein gro\u00dfer Erfolg. Wir sehen, dass wir einen Partner haben, der unsere W\u00fcnsche versteht und sind sehr interessiert, die Zusammenarbeit mit GEDU fortzusetzen.\u201c<\/span><\/p><\/blockquote><p style=\"text-align: left;\"><i><span style=\"font-weight: 400;\"><strong>Carsten Willenbockel<\/strong>, Direktor, Steigenberger Grandhotel &amp; Spa in Heringsdorf\/Usedom<\/span><\/i><\/p><p style=\"text-align: left;\">\u00a0<\/p><blockquote><p style=\"text-align: left;\"><span style=\"font-weight: 400;\">\u201eWir freuen uns \u00fcber die vielen jungen Menschen aus inzwischen 37 L\u00e4ndern der Erde, die hier in der Region die Chance einer dualen Berufsausbildung ergreifen und nach der Ausbildung als gut ausgebildete Fachkr\u00e4fte die Teams in den Unternehmen verst\u00e4rken. Das Vietnam-Projekt durch GEDU-International und den Unternehmen auf Usedom war dabei sozusagen das \u201ePionier-Projekt\u201c bei der Anwerbung ausl\u00e4ndischer Auszubildender und hat seinen Erfolg mit vielen Ausbildungsabsolventen bereits unter Beweis gestellt. Im Rahmen ihrer Beratungs- und Betreuungst\u00e4tigkeit in der Aus- und Weiterbildung begleitet die IHK Neubrandenburg nicht nur den Welcome-Prozess, sondern ist auch Ansprechpartnerin im gesamten Verlauf der Ausbildung f\u00fcr alle Azubis, Ausbilder und Betreuer\u201c<\/span><\/p><\/blockquote><p style=\"text-align: left;\"><i><span style=\"font-weight: 400;\"><strong>Wolfgang Blank<\/strong>, Pr\u00e4sident der IHK Neubrandenburg<\/span><\/i><\/p><p style=\"text-align: left;\">\u00a0<\/p><blockquote><p style=\"text-align: left;\"><span style=\"font-weight: 400;\">Wir k\u00f6nnen von einer mittlerweile 5-j\u00e4hrigen, bis heute andauernden, erfolgreichen Zusammenarbeit berichten, die zwischen den SEETELHOTELS und der GEDU International auf Usedom entstanden ist. Bereits seit vielen Jahren bilden wir Auszubildende in unserem Unternehmen (17 Hotels auf Usedom und 1 in Spanien) aus, die uns durch die GEDU International vermittelt und betreut worden sind. Inzwischen haben wir bereits die ersten Absolvent*innen, die bei uns im Unternehmen als Fachkr\u00e4fte weiter besch\u00e4ftigt werden, darunter eine Auszubildende K\u00f6chin, die in diesem Jahr als eine der besten Absolventinnen abgeschlossen hat und am 17.11.23 bei der IHK Neubrandenburg, f\u00fcr diese herausragenden Leistungen, eine Ehrung erh\u00e4lt.<\/span><\/p><\/blockquote><p style=\"text-align: left;\"><i><span style=\"font-weight: 400;\"><strong>Rolf Seelige-Steinhoff<\/strong> Gesch\u00e4ftsf\u00fchrender Gesellschafter der SEETELHOTELS<\/span><\/i><\/p><p style=\"text-align: left;\">\u00a0<\/p><blockquote><p style=\"text-align: left;\"><span style=\"font-weight: 400;\">Ich denke, dass die Zusammenarbeit mit GEDU International ein richtiges Zeichen f\u00fcr die Region und der Branche war! Wir haben sehr gute Erfahrung gemacht und haben dadurch sehr gutes internationales Flair in unser Hotel gebracht.<\/span><\/p><p style=\"text-align: left;\"><span style=\"font-weight: 400;\">Wir sehen in dem Projekt eine gro\u00dfe Chance und unterst\u00fctzen es sehr gerne!<\/span><\/p><\/blockquote><p style=\"text-align: left;\"><i><span style=\"font-weight: 400;\"><strong>Marcus Scharon<\/strong>, Hoteldirektor \/ General Manager, Travel Charme Hotels &amp; Resorts<\/span><\/i><\/p><\/div>\n\t\t\t\t<\/div>\n\t\t\t\t<\/div>\n\t\t\t\t<div class=\"elementor-element elementor-element-67fa5f9 elementor-widget elementor-widget-heading\" data-id=\"67fa5f9\" data-element_type=\"widget\" data-widget_type=\"heading.default\">\n\t\t\t\t<div class=\"elementor-widget-container\">\n\t\t\t<h5 class=\"elementor-heading-title elementor-size-default\">Stimmen erfolgreicher GEDU-Azubis<\/h5>\t\t<\/div>\n\t\t\t\t<\/div>\n\t\t\t\t<div class=\"elementor-element elementor-element-76cccc4 elementor-widget elementor-widget-text-editor\" data-id=\"76cccc4\" data-element_type=\"widget\" data-widget_type=\"text-editor.default\">\n\t\t\t\t<div class=\"elementor-widget-container\">\n\t\t\t\t\t<div class=\"elementor-text-editor elementor-clearfix\"><blockquote><p style=\"text-align: left;\">Ich bin \u00fcber das GEDU-Ausbildungsprogramm 2018 nach Deutschland gekommen. Meine Ausbildung zur Hotelfachfrau habe ich nach drei Lehrjahren erfolgreich abgeschlossen. W\u00e4hrend meiner Ausbildung habe ich nicht nur die fachlichen Dinge gelernt, sondern auch wichtige Dinge \u00fcber das Leben in Deutschland.<\/p><\/blockquote><p style=\"text-align: left;\"><strong>Thao Anh<\/strong> \u2013 GEDU-Alumni<br \/>Front Office Coordinator v. Design Offices, Berlin Ostbahnhof<\/p><p>\u00a0<\/p><blockquote><p style=\"text-align: left;\">Am Anfang war alles fremd und sehr anstrengend, die Sprache und die neue Kultur besonders. Alle von uns hatten eine Zeit lang gro\u00dfes Heimweh.<br \/>Deshalb waren wir sehr froh, dass die GEDU solch intensive Betreuung angeboten hat. Von Anfang an gab es Workshops mit anderen aus Vietnam, sowie interkulturelle Schulungen &#8222;Leben und Arbeiten in Deutschland&#8220; &#8211; das alles hat mir sehr geholfen.<\/p><\/blockquote><p style=\"text-align: left;\"><strong>Hana Huyen<\/strong> \u2013 GEDU-Alumni<br \/>Hotelfachfrau, Steigenberger Grandhotel &amp; Spa in Heringsdorf\/Usedom<\/p><p>\u00a0<\/p><blockquote><p style=\"text-align: left;\">Mein Ausbildungsbetrieb, GEDU und Institutionen wie IHK, Ausl\u00e4nderbeh\u00f6rde und vor allem auch die Berufsschule haben mich in all den Jahren sehr unterst\u00fctzt, z.B. bei der Vorbereitung zur Abschlusspr\u00fcfung, oder mit den Unterlagen f\u00fcr meinen Aufenthaltstitel.<\/p><\/blockquote><p style=\"text-align: left;\"><strong>Bui Linh<\/strong> \u2013 GEDU-Alumni<br \/>Front Office Supervisor, the niu Hide (Novum Hospitality), Berlin<\/p><\/div>\n\t\t\t\t<\/div>\n\t\t\t\t<\/div>\n\t\t\t\t\t<\/div>\n\t\t<\/div>\n\t\t\t\t\t\t\t<\/div>\n\t\t<\/section>\n\t\t\t\t\t\t<\/div>\n\t\t\t\t\t<\/div>","protected":false},"excerpt":{"rendered":"<p>Willkommen bei GEDU! In Zusammenarbeit mit dem DEHOGA-Berlin bieten wir unser Programm zu Sonderkonditionen an. JETZT KONTAKTIEREN Sind Sie schon DEHOGA-Berlin Mitglied? DEHOGA-Midglied werden Kein Mitglied Navigation 1. Dienstleistungen von GEDU GEDU bietet umfassende Dienstleistungen f\u00fcr Betriebe in Deutschland an: Vermittlung und (Vor-)Ausbildung von Fachkr\u00e4ften und jungen Menschen Identifikation passender Personen f\u00fcr Ausbildungs- und Karrierewege [&hellip;]<\/p>","protected":false},"author":2,"featured_media":0,"parent":0,"menu_order":0,"comment_status":"closed","ping_status":"closed","template":"","meta":{"footnotes":""},"class_list":["post-3882","page","type-page","status-publish","hentry","wpbf-post"],"_links":{"self":[{"href":"https:\/\/gedu.eu\/vi\/wp-json\/wp\/v2\/pages\/3882","targetHints":{"allow":["GET"]}}],"collection":[{"href":"https:\/\/gedu.eu\/vi\/wp-json\/wp\/v2\/pages"}],"about":[{"href":"https:\/\/gedu.eu\/vi\/wp-json\/wp\/v2\/types\/page"}],"author":[{"embeddable":true,"href":"https:\/\/gedu.eu\/vi\/wp-json\/wp\/v2\/users\/2"}],"replies":[{"embeddable":true,"href":"https:\/\/gedu.eu\/vi\/wp-json\/wp\/v2\/comments?post=3882"}],"version-history":[{"count":228,"href":"https:\/\/gedu.eu\/vi\/wp-json\/wp\/v2\/pages\/3882\/revisions"}],"predecessor-version":[{"id":4130,"href":"https:\/\/gedu.eu\/vi\/wp-json\/wp\/v2\/pages\/3882\/revisions\/4130"}],"wp:attachment":[{"href":"https:\/\/gedu.eu\/vi\/wp-json\/wp\/v2\/media?parent=3882"}],"curies":[{"name":"wp","href":"https:\/\/api.w.org\/{rel}","templated":true}]}}